{"id":58,"date":"2025-10-06T20:22:49","date_gmt":"2025-10-06T20:22:49","guid":{"rendered":"https:\/\/gops.suwalki.pl\/?page_id=58"},"modified":"2025-12-18T21:18:26","modified_gmt":"2025-12-18T21:18:26","slug":"dodatek-mieszkaniowy","status":"publish","type":"page","link":"https:\/\/gops.suwalki.pl\/?page_id=58","title":{"rendered":"Dodatek mieszkaniowy"},"content":{"rendered":"\n<p><strong>Gminny O\u015brodek Pomocy Spo\u0142ecznej w Suwa\u0142kach ul. \u015awierkowa 45,<\/strong><\/p>\n\n\n\n<h3 class=\"wp-block-heading\"><strong>godziny pracy urz\u0119du: <small><strong>poniedzia\u0142ek &#8211; 8:00 &#8211; 16:00<\/strong> ,&nbsp; <strong>wtorek &#8211; pi\u0105tek &#8211; 7.30 &#8211; 15.30<\/strong><\/small><\/strong><\/h3>\n\n\n\n<p><strong>sk\u0142adanie wniosk\u00f3w &#8211; pok\u00f3j nr 40, informacja tel. 87&nbsp;565 93 63<\/strong><\/p>\n\n\n\n<p><strong>DODATKI MIESZKANIOWE<\/strong><\/p>\n\n\n\n<p><strong>Podstawa prawna:<\/strong><\/p>\n\n\n\n<ul class=\"wp-block-list\">\n<li>ustawa z dnia 21 czerwca 2001 r. o dodatkach mieszkaniowych ( Dz.U. z 2021 r. poz. 2021 z p\u00f3\u017an. zm.).<\/li>\n\n\n\n<li>rozporz\u0105dzenie Ministra Budownictwa i Gospodarki Morskiej z dnia 26 kwietnia 2013 r. w sprawie sposobu przeprowadzania wywiadu \u015brodowiskowego, wzoru kwestionariusza wywiadu oraz o\u015bwiadczenia o stanie maj\u0105tkowym wnioskodawcy i innych cz\u0142onk\u00f3w gospodarstwa domowego, a tak\u017ce wzoru legitymacji pracownika upowa\u017cnionego do przeprowadzania wywiadu (Dz. U. z 2013 r. poz. 589).<\/li>\n\n\n\n<li>uchwa\u0142a Rady Gminy Nr XXX\/325\/21 z dnia 29 czerwca 2021 r. w sprawie okre\u015blenia wzoru wniosku\u00a0 o przyznanie dodatku mieszkaniowego oraz wzoru deklaracji o dochodach gospodarstwa domowego (Dz. U. z 2021 r. poz. 2774).<\/li>\n\n\n\n<li>uchwa\u0142a Rady Gminy Nr XXXII\/336\/21 z dnia 30 sierpnia 2021 r. zmieniaj\u0105ca uchwa\u0142\u0119\u00a0 Nr XXX\/325\/21 z dnia 29 czerwca 2021 r. \u00a0w sprawie okre\u015blenia wzoru wniosku\u00a0\u00a0 o przyznanie dodatku mieszkaniowego oraz wzoru deklaracji o dochodach gospodarstwa domowego (Dz. U. z 2021 r. poz. 3397).<\/li>\n<\/ul>\n\n\n\n<p><strong>Dodatek mieszkaniowy przys\u0142uguje:<\/strong><\/p>\n\n\n\n<p>1) najemcom oraz podnajemcom lokali mieszkalnych, zamieszkuj\u0105cym w tych lokalach;<\/p>\n\n\n\n<p>2) osobom mieszkaj\u0105cym w lokalach mieszkalnych, do kt\u00f3rych przys\u0142uguje im sp\u00f3\u0142dzielcze prawo do lokalu mieszkalnego;<\/p>\n\n\n\n<p>3) osobom mieszkaj\u0105cym w lokalach mieszkalnych znajduj\u0105cych si\u0119 w budynkach stanowi\u0105cych ich w\u0142asno\u015b\u0107 i w\u0142a\u015bcicielom samodzielnych lokali mieszkalnych;<\/p>\n\n\n\n<p>4) innym osobom maj\u0105cym tytu\u0142 prawny do zajmowanego lokalu mieszkalnego i ponosz\u0105cym wydatki zwi\u0105zane z jego zajmowaniem;<\/p>\n\n\n\n<p>5) osobom zajmuj\u0105cym lokal mieszkalny bez tytu\u0142u prawnego, oczekuj\u0105cym na przys\u0142uguj\u0105cy im lokal zamienny albo najem socjalny lokalu.<\/p>\n\n\n\n<p>Dodatek mieszkaniowy przys\u0142uguje w zwi\u0105zku z zamieszkaniem w jednym lokalu mieszkalnym albo zajmowaniem jednego lokalu mieszkalnego i mo\u017ce przys\u0142ugiwa\u0107 na podstawie wi\u0119cej ni\u017c jednego tytu\u0142u prawnego spo\u015br\u00f3d wymienionych powy\u017cej.<\/p>\n\n\n\n<p>Dodatek mieszkaniowy przys\u0142uguje osobom, posiadaj\u0105cym tytu\u0142 prawny do lokalu, je\u017celi&nbsp;&nbsp; w okresie 3 miesi\u0119cy poprzedzaj\u0105cych dat\u0119 z\u0142o\u017cenia wniosku o jego przyznanie \u015bredni miesi\u0119czny doch\u00f3d przypadaj\u0105cy na jednego cz\u0142onka gospodarstwa domowego wnioskodawcy nie przekroczy\u0142 w gospodarstwie:<\/p>\n\n\n\n<p>&nbsp;1) jednoosobowym \u2013 40%<\/p>\n\n\n\n<p>&nbsp;2) wieloosobowym \u2013 30%<\/p>\n\n\n\n<p>\u2013 przeci\u0119tnego wynagrodzenia w gospodarce narodowej, obowi\u0105zuj\u0105cego w dniu z\u0142o\u017cenia wniosku,&nbsp;&nbsp; je\u017celi \u015bredni miesi\u0119czny doch\u00f3d na jednego cz\u0142onka gospodarstwa domowego jest wy\u017cszy od okre\u015blonego w art. 3 ust. 1 ustawy z dnia 21 czerwca 2001 r. o dodatkach mieszkaniowych, a kwota nadwy\u017cki nie przekracza wysoko\u015bci dodatku mieszkaniowego, nale\u017cny dodatek mieszkaniowy obni\u017ca si\u0119 o t\u0119 kwot\u0119. Dodatku mieszkaniowego nie przyznaje si\u0119, je\u017celi jego kwota by\u0142aby ni\u017csza ni\u017c 0,5% kwoty przeci\u0119tnego wynagrodzenia w gospodarce narodowej, obowi\u0105zuj\u0105cego w dniu wydania decyzji. Przy wydawaniu decyzji o&nbsp; przyznaniu dodatku mieszkaniowego uwzgl\u0119dnia si\u0119 kwot\u0119 przeci\u0119tnego wynagrodzenia w gospodarce narodowej, obowi\u0105zuj\u0105cego w dniu z\u0142o\u017cenia wniosku, ostatnio og\u0142oszonego przez Prezesa G\u0142\u00f3wnego Urz\u0119du Statystycznego na podstawie art. 20 pkt 1 lit. a ustawy z dnia 17 grudnia 1998 r. o emeryturach i rentach z Funduszu Ubezpiecze\u0144 Spo\u0142ecznych (Dz. U. z 2020 r. poz. 53, 252, 568, 1222 i 1578).<\/p>\n\n\n\n<p><strong>Dodatek mieszkaniowy nie przys\u0142uguje osobom<\/strong> <strong>przebywaj\u0105cym w:<\/strong><\/p>\n\n\n\n<p>1) domu pomocy spo\u0142ecznej,<\/p>\n\n\n\n<p>2) m\u0142odzie\u017cowym o\u015brodku wychowawczym,<\/p>\n\n\n\n<p>3) schronisku dla nieletnich,<\/p>\n\n\n\n<p>4) zak\u0142adzie poprawczym,<\/p>\n\n\n\n<p>5) zak\u0142adzie karnym,<\/p>\n\n\n\n<p>6) szkole, w&nbsp; tym w szkole wojskowej, je\u017celi instytucje te zapewniaj\u0105 nieodp\u0142atnie pe\u0142ne ca\u0142odobowe utrzymanie.<\/p>\n\n\n\n<p><strong>Gospodarstwo domowe:<\/strong><\/p>\n\n\n\n<p>Przez gospodarstwo domowe rozumie si\u0119 gospodarstwo prowadzone przez osob\u0119 ubiegaj\u0105c\u0105 si\u0119 o przyznanie dodatku mieszkaniowego, samodzielnie zajmuj\u0105c\u0105 lokal mieszkalny albo gospodarstwo prowadzone przez t\u0119 osob\u0119 wsp\u00f3lnie z ma\u0142\u017conkiem i innymi osobami stale z ni\u0105 zamieszkuj\u0105cymi i gospodaruj\u0105cymi, kt\u00f3re swoje prawa do zamieszkiwania w lokalu wywodz\u0105 z prawa tej osoby. Do cz\u0142onk\u00f3w gospodarstwa domowego nie wlicza si\u0119 os\u00f3b przebywaj\u0105cych w instytucjach zapewniaj\u0105cych nieodp\u0142atnie pe\u0142ne ca\u0142odobowe utrzymanie<\/p>\n\n\n\n<p><strong>Doch\u00f3d:<\/strong><\/p>\n\n\n\n<p>Zgodnie z art. 3 ust. 3 ustawy z dnia 21 czerwca 2019 r. o dodatkach mieszkaniowych, za doch\u00f3d uwa\u017ca si\u0119 doch\u00f3d&nbsp; w rozumieniu art. 3 pkt 1 ustawy z dnia 28 listopada 2003 r.&nbsp; o \u015bwiadczeniach rodzinnych (Dz.U. z 2020 r. poz. 111), po odliczeniu kwot aliment\u00f3w \u015bwiadczonych&nbsp; na rzecz&nbsp; innych os\u00f3b:<\/p>\n\n\n\n<p>1) przychody podlegaj\u0105ce opodatkowaniu na zasadach okre\u015blonych w art. 27, art. 30b, art. 30c, art. 30e i art. 30f ustawy z dnia 26 lipca 1991 r. o podatku dochodowym od os\u00f3b fizycznych (Dz. U. z 2019 r. poz. 1387, z p\u00f3\u017an. zm.1)), pomniejszone o koszty uzyskania przychodu, nale\u017cny podatek dochodowy od os\u00f3b fizycznych, sk\u0142adki na ubezpieczenia spo\u0142eczne<br>niezaliczone do koszt\u00f3w uzyskania przychodu oraz sk\u0142adki na ubezpieczenie zdrowotne<strong>.<\/strong><\/p>\n\n\n\n<p>2) doch\u00f3d z dzia\u0142alno\u015bci podlegaj\u0105cej opodatkowaniu na podstawie przepis\u00f3w&nbsp; o zrycza\u0142towanym podatku dochodowym od niekt\u00f3rych przychod\u00f3w osi\u0105ganych przez osoby fizyczne,<\/p>\n\n\n\n<p>3) inne dochody niepodlegaj\u0105ce opodatkowaniu na podstawie przepis\u00f3w o podatku dochodowym od os\u00f3b fizycznych:<\/p>\n\n\n\n<p>\u2013 renty okre\u015blone w przepisach o zaopatrzeniu inwalid\u00f3w wojennych i wojskowych oraz ich rodzin,<br>\u2013 renty wyp\u0142acone osobom represjonowanym i cz\u0142onkom ich rodzin, przyznane na zasadach okre\u015blonych w przepisach o zaopatrzeniu inwalid\u00f3w wojennych i wojskowych oraz ich rodzin,<\/p>\n\n\n\n<p>-\u015bwiadczenie pieni\u0119\u017cne, dodatek kompensacyjny oraz rycza\u0142t energetyczny okre\u015blone &nbsp;&nbsp;&nbsp;&nbsp;&nbsp;<\/p>\n\n\n\n<p>w przepisach o \u015bwiadczeniu pieni\u0119\u017cnym i uprawnieniach przys\u0142uguj\u0105cych \u017co\u0142nierzom zast\u0119pczej s\u0142u\u017cby wojskowej przymusowo zatrudnianym w kopalniach w\u0119gla, kamienio\u0142omach, zak\u0142adach rud uranu i batalionach budowlanych,<\/p>\n\n\n\n<p>\u2013 dodatek kombatancki, rycza\u0142t energetyczny i dodatek kompensacyjny okre\u015blone w przepisach o kombatantach oraz niekt\u00f3rych osobach b\u0119d\u0105cych ofiarami represji wojennych i okresu powojennego,<br>\u2013 \u015bwiadczenie pieni\u0119\u017cne okre\u015blone w przepisach o \u015bwiadczeniu pieni\u0119\u017cnym przys\u0142uguj\u0105cym osobom deportowanym do pracy&nbsp; przymusowej oraz osadzonym w obozach pracy przez&nbsp;&nbsp; III Rzesz\u0119 Niemieck\u0105 lub Zwi\u0105zek Socjalistycznych Republik Radzieckich,<\/p>\n\n\n\n<p>\u2013 rycza\u0142t energetyczny, emerytury i renty otrzymywane przez osoby, kt\u00f3re utraci\u0142y wzrok&nbsp; w wyniku dzia\u0142a\u0144 wojennych w latach 1939\u20131945 lub eksplozji pozosta\u0142ych po tej wojnie niewypa\u0142\u00f3w i niewybuch\u00f3w,<\/p>\n\n\n\n<p>\u2013 renty inwalidzkie z tytu\u0142u inwalidztwa wojennego, kwoty zaopatrzenia otrzymywane przez ofiary wojny oraz cz\u0142onk\u00f3w ich rodzin, renty wypadkowe os\u00f3b, kt\u00f3rych inwalidztwo powsta\u0142o w zwi\u0105zku z przymusowym pobytem na robotach w III Rzeszy Niemieckiej<br>w latach 1939\u20131945, otrzymywane z zagranicy,<\/p>\n\n\n\n<p>\u2013zasi\u0142ki chorobowe okre\u015blone w przepisach o ubezpieczeniu spo\u0142ecznym rolnik\u00f3w oraz&nbsp; w przepisach o systemie ubezpiecze\u0144 spo\u0142ecznych,<\/p>\n\n\n\n<p>\u2013 \u015brodki bezzwrotnej pomocy zagranicznej otrzymywane od rz\u0105d\u00f3w pa\u0144stw obcych, organizacji mi\u0119dzynarodowych lub mi\u0119dzynarodowych instytucji finansowych, pochodz\u0105ce ze \u015brodk\u00f3w bezzwrotnej pomocy przyznanych na podstawie jednostronnej deklaracji lub um\u00f3w zawartych z tymi pa\u0144stwami, organizacjami lub instytucjami przez Rad\u0119 Ministr\u00f3w, w\u0142a\u015bciwego ministra lub agencje rz\u0105dowe, w tym r\u00f3wnie\u017c w przypadkach, gdy przekazanie tych \u015brodk\u00f3w jest dokonywane za po\u015brednictwem podmiotu upowa\u017cnionego do rozdzielania \u015brodk\u00f3w bezzwrotnej pomocy zagranicznej na rzecz podmiot\u00f3w, kt\u00f3rym s\u0142u\u017cy\u0107 ma ta pomoc,<\/p>\n\n\n\n<p>\u2013 nale\u017cno\u015bci ze stosunku pracy lub z tytu\u0142u stypendium os\u00f3b fizycznych maj\u0105cych miejsce zamieszkania na terytorium Rzeczypospolitej Polskiej, przebywaj\u0105cych czasowo za granic\u0105&nbsp; w wysoko\u015bci odpowiadaj\u0105cej r\u00f3wnowarto\u015bci diet z tytu\u0142u podr\u00f3\u017cy s\u0142u\u017cbowej poza granicami kraju ustalonych dla pracownik\u00f3w zatrudnionych w pa\u0144stwowych lub samorz\u0105dowych jednostkach sfery bud\u017cetowej na podstawie ustawy z dnia 26 czerwca 1974 r. \u2013 Kodeks pracy (Dz. U. z 2019 r . poz. 1040, 1043 i 1495),<\/p>\n\n\n\n<p>\u2013 nale\u017cno\u015bci pieni\u0119\u017cne wyp\u0142acone policjantom, \u017co\u0142nierzom, celnikom i pracownikom jednostek wojskowych i jednostek policyjnych u\u017cytych poza granicami pa\u0144stwa w celu udzia\u0142u&nbsp;&nbsp; w konflikcie zbrojnym lub wzmocnienia si\u0142 pa\u0144stwa albo pa\u0144stw sojuszniczych, misji pokojowej, akcji zapobie\u017cenia aktom terroryzmu lub ich skutkom, a tak\u017ce nale\u017cno\u015bci pieni\u0119\u017cne wyp\u0142acone \u017co\u0142nierzom, policjantom, celnikom i pracownikom pe\u0142ni\u0105cym funkcje obserwator\u00f3w w misjach pokojowych organizacji mi\u0119dzynarodowych i si\u0142 wielonarodowych,<br>\u2013nale\u017cno\u015bci pieni\u0119\u017cne ze stosunku s\u0142u\u017cbowego otrzymywane w czasie s\u0142u\u017cby kandydackiej przez funkcjonariuszy Policji, Pa\u0144stwowej Stra\u017cy Po\u017carnej, Stra\u017cy Granicznej, Biura Ochrony Rz\u0105du i S\u0142u\u017cby Wi\u0119ziennej, obliczone za okres, w kt\u00f3rym osoby te uzyska\u0142y doch\u00f3d,<br>\u2013dochody cz\u0142onk\u00f3w rolniczych sp\u00f3\u0142dzielni produkcyjnych z tytu\u0142u cz\u0142onkostwa w rolniczej sp\u00f3\u0142dzielni produkcyjnej, pomniejszone o sk\u0142adki na ubezpieczenia spo\u0142eczne,<br>\u2013 alimenty na rzecz dzieci,<\/p>\n\n\n\n<p>\u2013 stypendia doktoranckie przyznane na podstawie art. 209 ust. 1 i 7 ustawy z dnia 20 lipca&nbsp;&nbsp; 2018 r. \u2013 Prawo o szkolnictwie wy\u017cszym i nauce (Dz. U. poz. 1668, z p\u00f3\u017an. zm.), stypendia sportowe przyznane na podstawie ustawy z dnia 25 czerwca 2010 r. o sporcie (Dz. U. z 2019 r. poz. 1468, 1495 i 2251) oraz inne stypendia o charakterze socjalnym przyznane uczniom lub studentom,<\/p>\n\n\n\n<p>\u2013 kwoty diet nieopodatkowane podatkiem dochodowym od os\u00f3b fizycznych, otrzymywane przez osoby wykonuj\u0105ce czynno\u015bci zwi\u0105zane z pe\u0142nieniem obowi\u0105zk\u00f3w spo\u0142ecznych &nbsp;&nbsp;&nbsp; i obywatelskich,<\/p>\n\n\n\n<p>\u2013 nale\u017cno\u015bci pieni\u0119\u017cne otrzymywane z tytu\u0142u wynajmu pokoi go\u015bcinnych w budynkach mieszkalnych po\u0142o\u017conych na terenach wiejskich w gospodarstwie rolnym osobom przebywaj\u0105cym na wypoczynku oraz uzyskane z tytu\u0142u wy\u017cywienia tych os\u00f3b,<\/p>\n\n\n\n<p>\u2013 dodatki za tajne nauczanie okre\u015blone w ustawie z dnia 26 stycznia 1982 r. \u2013 Karta Nauczyciela (Dz. U. z 2019 r. poz. 2215),<\/p>\n\n\n\n<p>\u2013 dochody uzyskane z dzia\u0142alno\u015bci gospodarczej prowadzonej na podstawie zezwolenia na terenie specjalnej strefy ekonomicznej okre\u015blonej w przepisach o specjalnych strefach ekonomicznych,<br>\u2013 ekwiwalenty pieni\u0119\u017cne za deputaty w\u0119glowe okre\u015blone w przepisach o komercjalizacji, restrukturyzacji i prywatyzacji przedsi\u0119biorstwa pa\u0144stwowego \u201ePolskie Koleje Pa\u0144stwowe\u201d,<br>\u2013 ekwiwalenty z tytu\u0142u prawa do bezp\u0142atnego w\u0119gla okre\u015blone w przepisach o restrukturyzacji g\u00f3rnictwa w\u0119gla kamiennego w latach 2003\u20132006,<\/p>\n\n\n\n<p>\u2013 \u015bwiadczenia okre\u015blone w przepisach o wykonywaniu mandatu pos\u0142a i senatora,<br>\u2013 dochody uzyskane z gospodarstwa rolnego,<\/p>\n\n\n\n<p>\u2013 dochody uzyskiwane za granic\u0105 Rzeczypospolitej Polskiej, pomniejszone odpowiednio &nbsp; o zap\u0142acone za granic\u0105 Rzeczypospolitej Polskiej: podatek dochodowy oraz sk\u0142adki na obowi\u0105zkowe ubezpieczenie spo\u0142eczne i obowi\u0105zkowe ubezpieczenie zdrowotne,<br>\u2013 renty okre\u015blone w przepisach o wspieraniu rozwoju obszar\u00f3w wiejskich ze \u015brodk\u00f3w pochodz\u0105cych z Sekcji Gwarancji Europejskiego Funduszu Orientacji i Gwarancji Rolnej oraz w przepisach o wspieraniu rozwoju obszar\u00f3w wiejskich z udzia\u0142em \u015brodk\u00f3w Europejskiego Funduszu Rolnego na rzecz Rozwoju Obszar\u00f3w Wiejskich,<\/p>\n\n\n\n<p>\u2013 zaliczk\u0119 alimentacyjn\u0105 okre\u015blon\u0105 w przepisach o post\u0119powaniu wobec d\u0142u\u017cnik\u00f3w alimentacyjnych oraz zaliczce alimentacyjnej,<\/p>\n\n\n\n<p>\u2013 \u015bwiadczenia pieni\u0119\u017cne wyp\u0142acane w przypadku bezskuteczno\u015bci egzekucji aliment\u00f3w,<br>\u2013 pomoc materialn\u0105 o charakterze socjalnym okre\u015blon\u0105 w art. 90c ust. 2 ustawy z dnia&nbsp; 7 wrze\u015bnia 1991 r. o systemie o\u015bwiaty (Dz. U. z 2019 r. poz. 1481, 1818 i 2197) oraz \u015bwiadczenia, o kt\u00f3rych mowa w art. 86 ust. 1 pkt 1\u20133 i 5 oraz art. 212 ustawy z dnia 20 lipca 2018 r. \u2013 Prawo o szkolnictwie wy\u017cszym i nauce,<\/p>\n\n\n\n<p>\u2013 kwoty otrzymane na podstawie art. 27f ust. 8\u201310 ustawy z dnia 26 lipca 1991 r. o podatku dochodowym od os\u00f3b fizycznych,<\/p>\n\n\n\n<p>\u2013 \u015bwiadczenie pieni\u0119\u017cne okre\u015blone w ustawie z dnia 20 marca 2015 r. o dzia\u0142aczach opozycji antykomunistycznej oraz osobach represjonowanych z powod\u00f3w politycznych (Dz. U.&nbsp; z 2018 r. poz. 690 oraz z 2019 r. poz. 730, 752 i 992),<\/p>\n\n\n\n<p>\u2013 \u015bwiadczenie rodzicielskie,<br>\u2013 zasi\u0142ek macierzy\u0144ski, o kt\u00f3rym mowa w przepisach o ubezpieczeniu spo\u0142ecznym rolnik\u00f3w,<br>\u2013 stypendia dla bezrobotnych finansowane ze \u015brodk\u00f3w Unii Europejskiej lub Funduszu Pracy, niezale\u017cnie od podmiotu, kt\u00f3ry je wyp\u0142aca,<\/p>\n\n\n\n<p>\u2013 przychody wolne od podatku dochodowego na podstawie art. 21 ust. 1 pkt 148 ustawy z dnia 26 lipca 1991 r. o podatku dochodowym od os\u00f3b fizycznych, pomniejszone o sk\u0142adki na ubezpieczenia spo\u0142eczne oraz sk\u0142adki na ubezpieczenia zdrowotne;<\/p>\n\n\n\n<p>Nie uwzgl\u0119dnia si\u0119 dochodu osoby, kt\u00f3ra przebywa w instytucji, o kt\u00f3rej mowa w art. 2 ust. 3 7 ustawy z dnia 21 czerwca 2001 r. o&nbsp; dodatkach mieszkaniowych, albo wyprowadzi\u0142a si\u0119 &nbsp;&nbsp; z lokalu mieszkalnego albo zmar\u0142a przed dniem z\u0142o\u017cenia wniosku o przyznanie dodatku mieszkaniowego.<\/p>\n\n\n\n<p>W przypadku posiadania tytu\u0142u prawnego do gospodarstwa rolnego doch\u00f3d z tego gospodarstwa ustala si\u0119 na podstawie powierzchni grunt\u00f3w w hektarach przeliczeniowych &nbsp;&nbsp; i wysoko\u015bci przeci\u0119tnego dochodu z pracy w indywidualnych gospodarstwach rolnych z 1 ha przeliczeniowego, ostatnio og\u0142aszanego przez Prezesa G\u0142\u00f3wnego Urz\u0119du Statystycznego na podstawie art. 18 ustawy z dnia 15 listopada 1984 r. o podatku rolnym (Dz. U. z 2020 r.&nbsp; poz. 333).<\/p>\n\n\n\n<p>Wysoko\u015b\u0107 dochodu z pozarolniczej dzia\u0142alno\u015bci gospodarczej, w przypadku prowadzenia dzia\u0142alno\u015bci opodatkowanej na zasadach okre\u015blonych w przepisach ustawy z dnia 26 lipca &nbsp; 1991 r. o podatku dochodowym od os\u00f3b fizycznych (Dz. U. z 2020 r. poz. 1426, z p\u00f3\u017an. zm.), ustala si\u0119 na podstawie o\u015bwiadczenia wnioskodawcy lub za\u015bwiadczenia wydanego przez naczelnika w\u0142a\u015bciwego urz\u0119du skarbowego.<\/p>\n\n\n\n<p>W przypadku ustalania dochodu z dzia\u0142alno\u015bci podlegaj\u0105cej opodatkowaniu na podstawie przepis\u00f3w ustawy z dnia 20 listopada 1998 r. o zrycza\u0142towanym podatku dochodowym od niekt\u00f3rych przychod\u00f3w osi\u0105ganych przez osoby fizyczne (Dz. U. z 2020 r. poz. 1905, 2123&nbsp; i 2320) przyjmuje si\u0119 doch\u00f3d miesi\u0119czny w wysoko\u015bci 1\/12 dochodu og\u0142aszanego corocznie, w drodze obwieszczenia ministra w\u0142a\u015bciwego do spraw rodziny, o kt\u00f3rym mowa w art. 5 ust. 7a ustawy z dnia 28 listopada 2003 r. o \u015bwiadczeniach rodzinnych.<\/p>\n\n\n\n<p><strong>Powierzchnia normatywna:<\/strong><\/p>\n\n\n\n<p>Zgodnie z art. 5 ust. 5 ustawy z dnia 21 czerwca 2019 r. o dodatkach mieszkaniowych, dodatek mieszkaniowy przys\u0142uguje, gdy powierzchnia u\u017cytkowa lokalu mieszkalnego nie przekracza normatywnej powierzchni o wi\u0119cej ni\u017c: 30% albo 50% pod warunkiem, \u017ce udzia\u0142 powierzchni pokoi i kuchni w powierzchni u\u017cytkowej tego lokalu nie przekracza 60%.<\/p>\n\n\n\n<p>Stosownie do art. 5. ust. 1 ustawy z dnia 21 czerwca 2019 r. o dodatkach mieszkaniowych, normatywna powierzchnia u\u017cytkowa lokalu mieszkalnego lub budynku mieszkalnego, &nbsp; w kt\u00f3rym znajduje si\u0119 tylko jeden lokal mieszkalny (dom jednorodzinny), zwana dalej \u201enormatywn\u0105 powierzchni\u0105\u201d, w przeliczeniu na liczb\u0119 cz\u0142onk\u00f3w gospodarstwa domowego nie mo\u017ce przekracza\u0107:<\/p>\n\n\n\n<p>1) 35m2\u2013dla 1osoby;<\/p>\n\n\n\n<p>2) 40m2\u2013dla 2os\u00f3b;<\/p>\n\n\n\n<p>3) 45m2\u2013dla 3os\u00f3b;<\/p>\n\n\n\n<p>4) 55m2\u2013dla 4os\u00f3b;<\/p>\n\n\n\n<p>5) 65m2 \u2013dla 5os\u00f3b;<\/p>\n\n\n\n<p>6) 70m2\u2013dla 6os\u00f3b, a w razie zamieszkiwania w lokalu mieszkalnym wi\u0119kszej liczby os\u00f3b dla ka\u017cdej kolejnej osoby zwi\u0119ksza si\u0119 normatywn\u0105 powierzchni\u0119 tego lokalu o 5 m \u00b2.<\/p>\n\n\n\n<p>Normatywn\u0105 powierzchni\u0119 powi\u0119ksza si\u0119 o 15 m2, je\u017celi w lokalu mieszkalnym zamieszkuje osoba niepe\u0142nosprawna poruszaj\u0105ca si\u0119 na w\u00f3zku inwalidzkim lub osoba niepe\u0142nosprawna, kt\u00f3rej niepe\u0142nosprawno\u015b\u0107 wymaga zamieszkiwania w oddzielnym pokoju. Normatywn\u0105 powierzchni\u0119 powi\u0119ksza si\u0119 niezale\u017cnie od liczby cz\u0142onk\u00f3w gospodarstwa domowego.&nbsp; O wymogu zamieszkiwania w oddzielnym pokoju orzekaj\u0105 powiatowe zespo\u0142y do spraw orzekania o niepe\u0142nosprawno\u015bci, o kt\u00f3rych mowa w ustawie z dnia 27 sierpnia 1997 r.&nbsp; o rehabilitacji zawodowej i spo\u0142ecznej oraz zatrudnianiu os\u00f3b niepe\u0142nosprawnych (Dz. U.&nbsp; z 2020 r. poz. 426, 568 i 875).<\/p>\n\n\n\n<p><strong>Wydatki ponoszone na lokal mieszkalny:<\/strong><\/p>\n\n\n\n<p>Stosownie do art. 6 ust 4 ustawy z dnia 21 czerwca 2019 r. o dodatkach mieszkaniowych wydatkami, o kt\u00f3rych mowa w ust. 3, s\u0105:&nbsp;<\/p>\n\n\n\n<ul class=\"wp-block-list\">\n<li>czynsz;<\/li>\n<\/ul>\n\n\n\n<p>1a) koszty, o kt\u00f3rych mowa w art. 28 ust.3 pkt 2 ustawy z dnia 26 pa\u017adziernika 1995 r.&nbsp; o niekt\u00f3rych formach popierania budownictwa mieszkaniowego (Dz.U. z2019r. poz.2195 oraz z 2021r. poz.11);<\/p>\n\n\n\n<p>2) op\u0142aty zwi\u0105zane z eksploatacj\u0105 i utrzymaniem nieruchomo\u015bci w cz\u0119\u015bciach przypadaj\u0105cych na lokale mieszkalne w sp\u00f3\u0142dzielni mieszkaniowej;<\/p>\n\n\n\n<p>3) zaliczki na koszty zarz\u0105du nieruchomo\u015bci\u0105 wsp\u00f3ln\u0105;<\/p>\n\n\n\n<p>4) odszkodowanie za zajmowanie lokalu bez tytu\u0142u prawnego;<\/p>\n\n\n\n<p>5) inne ni\u017c wymienione w pkt 1\u20134op\u0142aty za u\u017cywanie lokalu mieszkalnego;<\/p>\n\n\n\n<p>6) op\u0142aty za energi\u0119 ciepln\u0105, wod\u0119, \u015bcieki, odpady i nieczysto\u015bci ciek\u0142e;<\/p>\n\n\n\n<p>7) wydatek stanowi\u0105cy podstaw\u0119 obliczania rycza\u0142tu na zakup opa\u0142u.<\/p>\n\n\n\n<p>Wydatkami poniesionymi przez osob\u0119 ubiegaj\u0105c\u0105 si\u0119 o dodatek mieszkaniowy s\u0105 \u015bwiadczenia okresowe ponoszone przez gospodarstwo domowe w zwi\u0105zku z zajmowaniem lokalu mieszkalnego. Wydatki naliczone i ponoszone przez okres d\u0142u\u017cszy ni\u017c jeden miesi\u0105c przelicza si\u0119 na okresy miesi\u0119czne.<\/p>\n\n\n\n<p><strong>Nie stanowi\u0105 wydatk\u00f3w,<\/strong>&nbsp; <strong>wydatki poniesione z tytu\u0142u:<\/strong><\/p>\n\n\n\n<ul class=\"wp-block-list\">\n<li>ubezpiecze\u0144, podatku od nieruchomo\u015bci, op\u0142at za wieczyste u\u017cytkowanie grunt\u00f3w;<\/li>\n<\/ul>\n\n\n\n<p>1a) rocznych op\u0142at przekszta\u0142ceniowych, o kt\u00f3rych mowa w ustawie z dnia 20lipca 2018r. o przekszta\u0142ceniu prawa u\u017cytkowania wieczystego grunt\u00f3w zabudowanych na cele mieszkaniowe w prawo w\u0142asno\u015bci tych grunt\u00f3w (Dz.U. z2020r. poz.2040);<\/p>\n\n\n\n<p>&nbsp;2) op\u0142at za gaz przewodowy, energi\u0119 elektryczn\u0105, dostarczane do lokalu mieszkalnego (domu jednorodzinnego) na cele bytowe.<\/p>\n\n\n\n<p><strong>Zasady obliczania wysoko\u015bci dodatku<\/strong><\/p>\n\n\n\n<p>Wydatki na normatywn\u0105 powierzchni\u0119 zajmowanego lokalu mieszkalnego oblicza si\u0119, dziel\u0105c wydatki za ten lokal przez jego powierzchni\u0119 u\u017cytkow\u0105 i mno\u017c\u0105c uzyskany w ten spos\u00f3b wska\u017anik przez normatywn\u0105 powierzchni\u0119.<\/p>\n\n\n\n<p>Wysoko\u015b\u0107 dodatku mieszkaniowego stanowi r\u00f3\u017cnic\u0119 pomi\u0119dzy wydatkami, przypadaj\u0105cymi na normatywn\u0105 powierzchni\u0119 u\u017cytkow\u0105 zajmowanego lokalu mieszkalnego, a kwot\u0105 wydatk\u00f3w poniesionych przez osob\u0119 ubiegaj\u0105c\u0105 si\u0119 o dodatek mieszkaniowy w wysoko\u015bci:&nbsp;&nbsp;<\/p>\n\n\n\n<p>1) 15% dochod\u00f3w gospodarstwa domowego \u2013 w gospodarstwie jednoosobowym;<\/p>\n\n\n\n<p>2) 12% dochod\u00f3w gospodarstwa domowego \u2013 w gospodarstwie 2\u20134-osobowym;<\/p>\n\n\n\n<p>3) 10% dochod\u00f3w gospodarstwa domowego \u2013 w gospodarstwie 5-osobowym i wi\u0119kszym.<\/p>\n\n\n\n<p>Wysoko\u015b\u0107 dodatku mieszkaniowego \u0142\u0105cznie z rycza\u0142tem nie mo\u017ce przekracza\u0107 70% wydatk\u00f3w przypadaj\u0105cych na normatywn\u0105 powierzchni\u0119 zajmowanego lokalu. &nbsp;&nbsp;&nbsp;&nbsp;&nbsp;&nbsp;&nbsp;&nbsp;&nbsp;&nbsp;&nbsp;&nbsp;&nbsp;&nbsp;&nbsp;&nbsp;&nbsp;&nbsp;&nbsp;&nbsp;&nbsp;&nbsp;&nbsp;&nbsp;&nbsp;&nbsp;&nbsp;&nbsp;&nbsp;&nbsp;&nbsp;&nbsp;&nbsp;<\/p>\n\n\n\n<p><strong>Wstrzymanie dodatku:<\/strong> &nbsp;&nbsp;&nbsp;&nbsp;&nbsp;&nbsp;&nbsp;&nbsp;&nbsp;&nbsp;&nbsp;&nbsp;&nbsp;&nbsp;&nbsp;&nbsp;&nbsp;&nbsp;<\/p>\n\n\n\n<p>W przypadku stwierdzenia, \u017ce osoba, kt\u00f3rej przyznano dodatek mieszkaniowy, nie op\u0142aca na bie\u017c\u0105co nale\u017cno\u015bci za zajmowany lokal mieszkalny, wyp\u0142at\u0119 dodatku mieszkaniowego wstrzymuje si\u0119, w drodze decyzji administracyjnej do czasu uregulowania zaleg\u0142o\u015bci. Je\u017celi uregulowanie zaleg\u0142o\u015bci nie nast\u0105pi w ci\u0105gu trzech miesi\u0119cy od dnia wydania decyzji o wstrzymaniu dodatku, decyzja o przyznaniu dodatku mieszkaniowego wygasa.<\/p>\n\n\n\n<p><strong>Dodatkowe informacje:<\/strong><\/p>\n\n\n\n<p>Organ przyznaj\u0105cy dodatek mo\u017ce odm\u00f3wi\u0107 przyznania dodatku mieszkaniowego, je\u017celi&nbsp; w wyniku przeprowadzenia wywiadu \u015brodowiskowego ustali, \u017ce wyst\u0119puje ra\u017c\u0105ca dysproporcja mi\u0119dzy niskimi dochodami wykazanymi w deklaracji, a faktycznym stanem maj\u0105tkowym wnioskodawcy, wskazuj\u0105cym, \u017ce jest on w stanie uiszcza\u0107 wydatki zwi\u0105zane&nbsp; z zajmowaniem lokalu mieszkalnego ( domu jednorodzinnego) wykorzystuj\u0105c w\u0142asne \u015brodki&nbsp; i posiadane zasoby maj\u0105tkowe lub faktyczna liczba wsp\u00f3lnie razem zamieszkuj\u0105cych&nbsp;&nbsp; i gospodaruj\u0105cych z wnioskodawc\u0105 jest mniejsza ni\u017c wykazana w deklaracji o dochodach. Pracownik przeprowadzaj\u0105cy wywiad mo\u017ce \u017c\u0105da\u0107 od wnioskodawcy i innych cz\u0142onk\u00f3w gospodarstwa domowego z\u0142o\u017cenia, pod rygorem odpowiedzialno\u015bci karnej, o\u015bwiadczenia&nbsp; o stanie maj\u0105tkowym, zawieraj\u0105cego w szczeg\u00f3lno\u015bci dane dotycz\u0105ce posiadanych:<\/p>\n\n\n\n<p>&#8211; ruchomo\u015bci i nieruchomo\u015bci,<\/p>\n\n\n\n<p>&#8211; zasob\u00f3w pieni\u0119\u017cnych.<\/p>\n\n\n\n<p>Odmowa z\u0142o\u017cenia o\u015bwiadczenia stanowi podstaw\u0119 do wydania decyzji o odmowie przyznania dodatku mieszkaniowego.<\/p>\n\n\n\n<p>Dodatek mieszkaniowy przyznaje si\u0119 na 6 miesi\u0119cy, licz\u0105c od pierwszego dnia miesi\u0105ca nast\u0119puj\u0105cego po dniu z\u0142o\u017cenia wniosku. Dodatek mieszkaniowy wyp\u0142acany jest do 10 dnia ka\u017cdego miesi\u0105ca i jest przekazywany zarz\u0105dcy budynku albo innej osobie uprawnionej do pobierania nale\u017cno\u015bci za lokal mieszkalny, natomiast rycza\u0142t na zakup opa\u0142u do r\u0105k wnioskodawcy. Na pro\u015bb\u0119 wnioskodawcy rycza\u0142t na zakup opa\u0142u jest przekazywany na konto zarz\u0105dcy budynku lub innej osobie uprawnionej do pobierania nale\u017cno\u015bci.<\/p>\n\n\n\n<p>Zmiany danych zawarte we wniosku lub deklaracji o dochodach z\u0142o\u017cone przez&nbsp; Wnioskodawc\u0119, kt\u00f3re nast\u0105pi\u0142y w okresie 6 miesi\u0119cy od dnia przyznania dodatku, nie maj\u0105&nbsp; wp\u0142ywu na wysoko\u015b\u0107 wyp\u0142acanego dodatku mieszkaniowego. Dokumenty, na podstawie kt\u00f3rych wype\u0142niono deklaracj\u0119 o wysoko\u015bci dochod\u00f3w wnioskodawca ma obowi\u0105zek przechowywa\u0107 przez 3 lata.<\/p>\n\n\n\n<p><strong>Dokumenty, kt\u00f3re <\/strong><strong>osoba ubiegaj\u0105ca si\u0119 o przyznanie dodatku mieszkaniowego musi&nbsp; posiada\u0107 by ubiega\u0107 si\u0119 o przyznanie dodatku mieszkaniowego:<\/strong><\/p>\n\n\n\n<p>1) wniosek o przyznanie dodatku mieszkaniowego potwierdzony przez zarz\u0105dc\u0119 domu,<br>2) informacj\u0119 zarz\u0105dcy domu dotycz\u0105c\u0105 wydatk\u00f3w na lokal mieszkalny, &nbsp;<\/p>\n\n\n\n<p>3) o\u015bwiadczenie w\u0142a\u015bciciela domu jednorodzinnego o wielko\u015bci powierzchni u\u017cytkowej,&nbsp; w tym \u0142\u0105cznej powierzchni pokoi i kuchni oraz o wyposa\u017ceniu technicznym domu, dotyczy wy\u0142\u0105cznie w\u0142a\u015bcicieli dom\u00f3w jednorodzinnych.<\/p>\n\n\n\n<p>4) deklaracj\u0119 o wysoko\u015bci dochodu gospodarstwa domowego i dokumenty potwierdzaj\u0105ce wysoko\u015b\u0107 dochod\u00f3w wszystkich wymienionych w deklaracji cz\u0142onk\u00f3w gospodarstwa domowego, w okresie trzech miesi\u0119cy kalendarzowych poprzedzaj\u0105cych dat\u0119 z\u0142o\u017cenia wniosku, w szczeg\u00f3lno\u015bci:<\/p>\n\n\n\n<p>&#8211; za\u015bwiadczenie z zak\u0142adu pracy o dochodzie \u2013 dotyczy os\u00f3b zatrudnionych na podstawie m.in.<br>umowy o prac\u0119 , umowy zlecenia, umowy o dzie\u0142o.<\/p>\n\n\n\n<p>&#8211; odcinki przekaz\u00f3w pocztowych lub za\u015bwiadczenie z Z.U.S. lub KRUS, dotyczy os\u00f3b pobieraj\u0105cych \u015bwiadczenia emerytalno- rentowe.<\/p>\n\n\n\n<p>-wyrok s\u0105du lub odcinki przekaz\u00f3w pocztowych lub wyci\u0105g z konta bankowego ( w przypadku<br>otrzymywania aliment\u00f3w w wysoko\u015bci zas\u0105dzonej) lub za\u015bwiadczenie od komornika ( w przypadku nieskutecznej egzekucji), dotyczy os\u00f3b otrzymuj\u0105cych alimenty,<\/p>\n\n\n\n<p>&#8211; o\u015bwiadczenie o dobrowolnie otrzymywane alimenty, gdy egzekucja nie jest prowadzona przez komornika,<br>&#8211; decyzja, za\u015bwiadczenie lub karta \u015bwiadcze\u0144 z GOPS o przyznaniu i wysoko\u015bci uzyskanych \u015bwiadcze\u0144, dotyczy os\u00f3b pobieraj\u0105cych \u015bwiadczenie rodzicielskie oraz \u015bwiadczenia z funduszu alimentacyjnego,<br>-decyzja lub za\u015bwiadczenie z uczelni o wysoko\u015bci uzyskanych stypendi\u00f3w i \u015bwiadcze\u0144 uzyskanych przez osob\u0119 studiuj\u0105c\u0105, w przypadku uczni\u00f3w \u015bwiadcze\u0144 z tytu\u0142u praktyk zawodowych, dotyczy student\u00f3w i uczni\u00f3w.<\/p>\n\n\n\n<p>&#8211; za\u015bwiadczenie z Powiatowego Urz\u0119du Pracy o wysoko\u015bci wyp\u0142aconych \u015bwiadcze\u0144 lub ich braku dotyczy os\u00f3b zarejestrowanych w Powiatowym Urz\u0119dzie Pracy, o\u015bwiadczenia osoby niezarejestrowanej w urz\u0119dzie pracy,<\/p>\n\n\n\n<p>&nbsp;&#8211; o\u015bwiadczenie os\u00f3b prowadz\u0105cych dzia\u0142alno\u015b\u0107 gospodarcz\u0105, potwierdzaj\u0105ce uzyskane dochody z dzia\u0142alno\u015bci gospodarczej,<\/p>\n\n\n\n<p>&#8211; za\u015bwiadczenie z Urz\u0119du Gminy o powierzchni gospodarstwa rolnego i hektar\u00f3w przeliczeniowych,<\/p>\n\n\n\n<p>-za\u015bwiadczenie z ARiMR o wyp\u0142aconych dop\u0142atach bezpo\u015brednich, dotyczy rolnik\u00f3w,<\/p>\n\n\n\n<p>&#8211; orzeczenie o stopniu niepe\u0142nosprawno\u015bci o poruszaniu si\u0119 osoby niepe\u0142nosprawnej na w\u00f3zku inwalidzkim lub osoby niepe\u0142nosprawnej, kt\u00f3re wymagaj\u0105 zamieszkania w oddzielnym pokoju,<br>&#8211; dokument potwierdzaj\u0105cy tytu\u0142 prawny do lokalu (np. umowa najmu, sp\u00f3\u0142dzielcze prawo do lokalu, umowa podnajmu, orzeczenie s\u0105du o prawie do lokalu, wyrok o prawie do lokalu socjalnego lub zamiennego, akt notarialny itp.) na \u017c\u0105danie organu,<\/p>\n\n\n\n<p>&nbsp;&#8211; inne dokumenty niezb\u0119dne do prawid\u0142owego rozpatrzenia sprawy o przyznanie dodatku mieszkaniowego.<\/p>\n\n\n\n<p><strong><u>MIEJSCE POBIERANIA I SK\u0141ADANIA DOKUMENT\u00d3W:<\/u><\/strong><\/p>\n\n\n\n<p>Gminny O\u015brodek Pomocy Spo\u0142ecznej w Suwa\u0142kach ul. \u015awierkowa 45, 16-400 Suwa\u0142ki,<\/p>\n\n\n\n<p>godziny pracy urz\u0119du:<\/p>\n\n\n\n<p>poniedzia\u0142ek 8:00 -16:00<\/p>\n\n\n\n<p>wtorek &#8211; pi\u0105tek 7:30 \u2013 15:30<\/p>\n\n\n\n<p><strong>sk\u0142adanie wniosk\u00f3w &#8211; pok\u00f3j nr 40, tel. 87&nbsp;565 93 63<\/strong><\/p>\n","protected":false},"excerpt":{"rendered":"<p>Gminny O\u015brodek Pomocy Spo\u0142ecznej w Suwa\u0142kach ul. \u015awierkowa 45, godziny pracy urz\u0119du: poniedzia\u0142ek &#8211; 8:00 &#8211; 16:00 ,&nbsp; wtorek &#8211; pi\u0105tek &#8211; 7.30 &#8211; 15.30 sk\u0142adanie wniosk\u00f3w &#8211; pok\u00f3j nr 40, informacja tel. 87&nbsp;565 93 63 DODATKI MIESZKANIOWE Podstawa prawna: Dodatek mieszkaniowy przys\u0142uguje: 1) najemcom oraz podnajemcom lokali mieszkalnych, zamieszkuj\u0105cym w tych lokalach; 2) osobom [&hellip;]<\/p>\n","protected":false},"author":1,"featured_media":0,"parent":0,"menu_order":0,"comment_status":"closed","ping_status":"closed","template":"","meta":{"footnotes":""},"class_list":["post-58","page","type-page","status-publish","hentry"],"_links":{"self":[{"href":"https:\/\/gops.suwalki.pl\/index.php?rest_route=\/wp\/v2\/pages\/58","targetHints":{"allow":["GET"]}}],"collection":[{"href":"https:\/\/gops.suwalki.pl\/index.php?rest_route=\/wp\/v2\/pages"}],"about":[{"href":"https:\/\/gops.suwalki.pl\/index.php?rest_route=\/wp\/v2\/types\/page"}],"author":[{"embeddable":true,"href":"https:\/\/gops.suwalki.pl\/index.php?rest_route=\/wp\/v2\/users\/1"}],"replies":[{"embeddable":true,"href":"https:\/\/gops.suwalki.pl\/index.php?rest_route=%2Fwp%2Fv2%2Fcomments&post=58"}],"version-history":[{"count":3,"href":"https:\/\/gops.suwalki.pl\/index.php?rest_route=\/wp\/v2\/pages\/58\/revisions"}],"predecessor-version":[{"id":181,"href":"https:\/\/gops.suwalki.pl\/index.php?rest_route=\/wp\/v2\/pages\/58\/revisions\/181"}],"wp:attachment":[{"href":"https:\/\/gops.suwalki.pl\/index.php?rest_route=%2Fwp%2Fv2%2Fmedia&parent=58"}],"curies":[{"name":"wp","href":"https:\/\/api.w.org\/{rel}","templated":true}]}}