{"id":74,"date":"2025-10-06T20:24:58","date_gmt":"2025-10-06T20:24:58","guid":{"rendered":"https:\/\/gops.suwalki.pl\/?page_id=74"},"modified":"2025-12-18T21:27:35","modified_gmt":"2025-12-18T21:27:35","slug":"podprogram-2021","status":"publish","type":"page","link":"https:\/\/gops.suwalki.pl\/?page_id=74","title":{"rendered":"Podprogram 2021"},"content":{"rendered":"\n<p><strong>PROGRAM OPERACYJNY POMOC \u017bYWNO\u015aCIOWA 2014-2020<\/strong><\/p>\n\n\n\n<p><strong>JEST WSP\u00d3\u0141FINANSOWANY Z EUROPEJSKIEGO FUNDUSZU POMOCY NAJBARDZIEJ POTRZEBUJ\u0104CYM<\/strong><\/p>\n\n\n\n<p><strong>PODPROGRAM 2021<\/strong><\/p>\n\n\n\n<p><strong>CELEM PROGRAMU <\/strong>jest zapewnienie najubo\u017cszym mieszka\u0144com Polski pomocy \u017cywno\u015bciowej oraz uczestnictwa w dzia\u0142aniach w ramach \u015brodk\u00f3w towarzysz\u0105cych w okresie&nbsp; grudzie\u0144 2021 \u2013 czerwiec 2022,&nbsp; a jej celami szczeg\u00f3\u0142owymi s\u0105:<\/p>\n\n\n\n<ol class=\"wp-block-list\">\n<li>organizacja i koordynacja sieci dystrybucji pomocy \u017cywno\u015bciowej sk\u0142adaj\u0105cej si\u0119 z organizacji partnerskich lokalnych, zwanych dalej OPL, zgodnie z zasadami PO P\u017b,<\/li>\n\n\n\n<li>racjonalne zagospodarowanie artyku\u0142\u00f3w spo\u017cywczych otrzymanych z OPO oraz z innych \u017ar\u00f3de\u0142, na potrzeby udzielania pomocy \u017cywno\u015bciowej osobom najbardziej potrzebuj\u0105cym,<\/li>\n\n\n\n<li>przekazanie artyku\u0142\u00f3w spo\u017cywczych osobom zakwalifikowanym do otrzymania pomocy \u017cywno\u015bciowej zgodnie z zasadami PO P\u017b,<\/li>\n\n\n\n<li>prowadzenie dzia\u0142a\u0144 w ramach \u015brodk\u00f3w towarzysz\u0105cych w\u015br\u00f3d os\u00f3b najbardziej potrzebuj\u0105cych zakwalifikowanych do obj\u0119cia pomoc\u0105 \u017cywno\u015bciow\u0105, maj\u0105cych na celu w\u0142\u0105czenie spo\u0142eczne.<\/li>\n<\/ol>\n\n\n\n<p><strong>OKRES DYSTRYBUCJI \u017bYWNO\u015aCI:&nbsp; <\/strong>grudzie\u0144 2021 \u2013 czerwiec 2022<\/p>\n\n\n\n<p>Pomoc \u017cywno\u015bciowa dystrybuowana jest przez <strong>Stowarzyszenie Bank \u017bywno\u015bci Suwa\u0142ki &#8211; Bia\u0142ystok<\/strong> [OPR] do Organizacji Partnerskiej Lokalnej [OPL] <strong>na terenie wojew\u00f3dztwa podlaskiego,<\/strong> kt\u00f3ra przekazuje \u017cywno\u015b\u0107 bezpo\u015brednio do os\u00f3b potrzebuj\u0105cych.<\/p>\n\n\n\n<p><strong>&nbsp;KRYTERIA KWALIFIKOWALNO\u015aCI I SPOS\u00d3B KWALIFIKACJI:<\/strong><\/p>\n\n\n\n<ol class=\"wp-block-list\">\n<li>Pomoc w ramach POP\u017b kierowana jest do tych os\u00f3b i rodzin, kt\u00f3re z powodu niskich dochod\u00f3w nie mog\u0105 zapewni\u0107 sobie\/rodzinie odpowiednich produkt\u00f3w \u017cywno\u015bciowych (posi\u0142k\u00f3w) i dlatego te\u017c trafia\u0107 b\u0119dzie do ograniczonej liczby os\u00f3b znajduj\u0105cych si\u0119 w najtrudniejszej sytuacji \u017cyciowej (okre\u015blonej przes\u0142ankami z art. 7 ustawy o pomocy spo\u0142ecznej oraz poziomem dochod\u00f3w odniesionych do procentowej warto\u015bci odpowiedniego kryterium dochodowego okre\u015blonego w tej ustawie &#8211; kt\u00f3rych doch\u00f3d nie przekracza 220% kryterium dochodowego uprawniaj\u0105cego do skorzystania z pomocy spo\u0142ecznej, <strong>1542,20 PLN dla osoby samotnie gospodaruj\u0105cej i 1161,60 PLN dla osoby w rodzinie (<u>od 01.01.2022 &#8211; 1707,20 PLN dla osoby samotnie gospodaruj\u0105cej i 1320,00 PLN dla osoby w rodzinie<\/u>), <\/strong>stanowi\u0105c systematyczne wsparcie. Pomoc udzielana b\u0119dzie w postaci artyku\u0142\u00f3w spo\u017cywczych lub posi\u0142k\u00f3w, kt\u00f3re b\u0119d\u0105 przekazywane osobom najbardziej potrzebuj\u0105cym bezp\u0142atnie.<\/li>\n\n\n\n<li>Spos\u00f3b kwalifikacji:<a href=\"https:\/\/web.archive.org\/web\/20241109152325\/http:\/\/gops.suwalki.pl\/p,97,podprogram-2021#_ftn1\">[1]<\/a><\/li>\n<\/ol>\n\n\n\n<ul class=\"wp-block-list\">\n<li>OPS b\u0119d\u0105 wydawa\u0107 osobom potrzebuj\u0105cym skierowania do otrzymania pomocy \u017cywno\u015bciowej\u00a0 lub przekazywa\u0107 OPL listy os\u00f3b zakwalifikowanych do pomocy\u00a0 z POP\u017b, pod warunkiem uzyskania zgody tych os\u00f3b;<\/li>\n\n\n\n<li>OPL mog\u0105 w swoich siedzibach przyjmowa\u0107 o\u015bwiadczenia od os\u00f3b kwalifikuj\u0105cych si\u0119 do przyznania pomocy \u017cywno\u015bciowej [za\u0142\u0105cznik nr 5 do wytycznych]. O\u015bwiadczenia wraz z wype\u0142nionym skierowaniem\u00a0 przekazywane b\u0119d\u0105 do OPS, , kt\u00f3ry potwierdza do kwalifikowalno\u015b\u0107 do przyznania pomocy;<\/li>\n\n\n\n<li>OPL mog\u0105 samodzielnie kwalifikowa\u0107 wy\u0142\u0105cznie osoby bezdomne do udzia\u0142u\u00a0 w POP\u017b na podstawie podpisanego o\u015bwiadczenia\u00a0 [za\u0142\u0105cznik nr 6 do wytycznych].<\/li>\n<\/ul>\n\n\n\n<p>&nbsp;<strong>ZASADY PRZEKAZYWANIA ARTYKU\u0141\u00d3W SPO\u017bYWCZYCH:<\/strong><\/p>\n\n\n\n<p>Pomoc \u017cywno\u015bciowa jest przekazywana osobom najbardziej potrzebuj\u0105cym za po\u015brednictwem Organizacji Partnerskich Lokalnych <strong>jako zestaw artyku\u0142\u00f3w spo\u017cywczych w formie paczek \u017cywno\u015bciowych lub posi\u0142k\u00f3w.<\/strong><\/p>\n\n\n\n<ol class=\"wp-block-list\">\n<li><strong>Zestaw roczny artyku\u0142\u00f3w spo\u017cywczych <\/strong>obejmuje artyku\u0142y spo\u017cywcze w \u0142\u0105cznej ilo\u015bci ok. 28,17 kg w tym:<\/li>\n<\/ol>\n\n\n\n<figure class=\"wp-block-table\"><table class=\"has-fixed-layout\"><tbody><tr><td class=\"has-text-align-center\" data-align=\"center\"><strong>NAZWA ARTYKU\u0141U<\/strong><\/td><td class=\"has-text-align-center\" data-align=\"center\"><strong>ILO\u015a\u0106 SZTUK NA OSOB\u0118<\/strong><\/td><td class=\"has-text-align-center\" data-align=\"center\"><strong>OPAKOWANIE JEDNOSTKOWE (KG\/L)<\/strong><\/td><td class=\"has-text-align-center\" data-align=\"center\"><strong>ILO\u015a\u0106 KG<\/strong> <strong>NA OSOB\u0118<\/strong><\/td><\/tr><tr><td class=\"has-text-align-center\" data-align=\"center\">CUKIER BIA\u0141Y&nbsp;<\/td><td class=\"has-text-align-center\" data-align=\"center\">4<\/td><td class=\"has-text-align-center\" data-align=\"center\">1<\/td><td class=\"has-text-align-center\" data-align=\"center\">4,00<\/td><\/tr><tr><td class=\"has-text-align-center\" data-align=\"center\">GROSZEK Z MARCHEWK\u0104&nbsp;<\/td><td class=\"has-text-align-center\" data-align=\"center\">8<\/td><td class=\"has-text-align-center\" data-align=\"center\">0,4<\/td><td class=\"has-text-align-center\" data-align=\"center\">3,20<\/td><\/tr><tr><td class=\"has-text-align-center\" data-align=\"center\">KASZA J\u0118CZMIENNA&nbsp;<\/td><td class=\"has-text-align-center\" data-align=\"center\">2<\/td><td class=\"has-text-align-center\" data-align=\"center\">0,5<\/td><td class=\"has-text-align-center\" data-align=\"center\">1,00<\/td><\/tr><tr><td class=\"has-text-align-center\" data-align=\"center\">KONCENTRAT POMIDOROWY&nbsp;<\/td><td class=\"has-text-align-center\" data-align=\"center\">7<\/td><td class=\"has-text-align-center\" data-align=\"center\">0,16<\/td><td class=\"has-text-align-center\" data-align=\"center\">1,12<\/td><\/tr><tr><td class=\"has-text-align-center\" data-align=\"center\">MAKARON JAJECZNY&nbsp;&nbsp;<\/td><td class=\"has-text-align-center\" data-align=\"center\">9<\/td><td class=\"has-text-align-center\" data-align=\"center\">0,5<\/td><td class=\"has-text-align-center\" data-align=\"center\">4,50<\/td><\/tr><tr><td class=\"has-text-align-center\" data-align=\"center\">MLEKO UHT&nbsp;<\/td><td class=\"has-text-align-center\" data-align=\"center\">5<\/td><td class=\"has-text-align-center\" data-align=\"center\">1<\/td><td class=\"has-text-align-center\" data-align=\"center\">5,00<\/td><\/tr><tr><td class=\"has-text-align-center\" data-align=\"center\">OLEJ RZEPAKOWY&nbsp;<\/td><td class=\"has-text-align-center\" data-align=\"center\">4<\/td><td class=\"has-text-align-center\" data-align=\"center\">1<\/td><td class=\"has-text-align-center\" data-align=\"center\">4,00<\/td><\/tr><tr><td class=\"has-text-align-center\" data-align=\"center\">POWID\u0141A \u015aLIWKOWE&nbsp;<\/td><td class=\"has-text-align-center\" data-align=\"center\">5<\/td><td class=\"has-text-align-center\" data-align=\"center\">0,3<\/td><td class=\"has-text-align-center\" data-align=\"center\">1,50<\/td><\/tr><tr><td class=\"has-text-align-center\" data-align=\"center\">FILET W OLEJU&nbsp;<\/td><td class=\"has-text-align-center\" data-align=\"center\">5<\/td><td class=\"has-text-align-center\" data-align=\"center\">0,17<\/td><td class=\"has-text-align-center\" data-align=\"center\">0,85<\/td><\/tr><tr><td class=\"has-text-align-center\" data-align=\"center\">SZYNKA DROBIOWA&nbsp;<\/td><td class=\"has-text-align-center\" data-align=\"center\">6<\/td><td class=\"has-text-align-center\" data-align=\"center\">0,3<\/td><td class=\"has-text-align-center\" data-align=\"center\">1,80<\/td><\/tr><tr><td class=\"has-text-align-center\" data-align=\"center\">SZYNKA WIEPRZOWA&nbsp;<\/td><td class=\"has-text-align-center\" data-align=\"center\">4<\/td><td class=\"has-text-align-center\" data-align=\"center\">0,3<\/td><td class=\"has-text-align-center\" data-align=\"center\">1,20<\/td><\/tr><\/tbody><\/table><\/figure>\n\n\n\n<ol start=\"2\" class=\"wp-block-list\">\n<li><strong>Paczka \u017cywno\u015bciowa<\/strong> to minimum kilka artyku\u0142\u00f3w spo\u017cywczych [co najmniej 3]\u00a0 z r\u00f3\u017cnych grup towarowych\u00a0 wydawanych jednorazowo. Uznaje si\u0119 za dopuszczalne aby organizacje jednorazowo wydawa\u0142y artyku\u0142y \u017cywno\u015bciowe bez ogranicze\u0144 co do minimalnej liczby produkt\u00f3w w pojedynczym wydaniu. Zestaw artyku\u0142\u00f3w spo\u017cywczych na Podprogram 2021 okre\u015blony jest dla jednego odbiorcy ko\u0144cowego, zar\u00f3wno dla osoby samotnie gospodaruj\u0105cej jak i dla osoby w rodzinie. Pomoc \u017cywno\u015bciowa w formie paczek \u017cywno\u015bciowych powinna by\u0107 wydawana osobom najbardziej potrzebuj\u0105cym r\u00f3wnomiernie w trakcie ca\u0142ego okresu dystrybucji w Podprogramie 2021.<\/li>\n\n\n\n<li><strong>Posi\u0142ek <\/strong>to ka\u017cdy posi\u0142ek przygotowany w OPL, np. jad\u0142odajnie, schroniska dla os\u00f3b bezdomnych] do tego przeznaczone: \u015bniadanie, II \u015bniadanie, obiad \u2013 w szczeg\u00f3lno\u015bci\u00a0 gor\u0105cy posi\u0142ek, podwieczorek, kolacja]. posi\u0142ki do spo\u017cycia na miejscu s\u0105 przygotowywane i wydawane w plac\u00f3wkach posiadaj\u0105cych zaplecze kuchenne (m.in. w schroniskach dla bezdomnych, jad\u0142odajniach, noclegowniach) z wy\u0142\u0105czeniem \u015bwiadczenia us\u0142ug firm zewn\u0119trznych (np. catering).<\/li>\n\n\n\n<li>W przypadku gdy liczba os\u00f3b uprawnionych do pomocy \u017cywno\u015bciowej zg\u0142aszaj\u0105cych si\u0119 w trakcie realizacji Podprogramu 2021 jest wi\u0119ksza ni\u017c do danej OPR\/OPL b\u0119dzie wi\u0119ksza ni\u017c planowana, Instytucja Zarz\u0105dzaj\u0105ca dopuszcza zmniejszenie zestawu rocznego dla 1 osoby, <strong>nie wi\u0119cej jednak\u017ce ni\u017c do 80% jego ca\u0142kowitej ilo\u015bci (tj. do ok. 22,5 KG). <\/strong>W zestawie nale\u017cy w miar\u0119 mo\u017cliwo\u015bci uwzgl\u0119dni\u0107 produkty ze wszystkich 6 grup artyku\u0142\u00f3w spo\u017cywczych.<\/li>\n\n\n\n<li>W\u00a0 uzasadnionych sytuacjach np. stan zdrowia lub indywidualne potrzeby \u017cywno\u015bciowe\u00a0 mo\u017cna zmieni\u0107 artyku\u0142 spo\u017cywczy na inny w odpowiedniej proporcji\u00a0 lub zwi\u0119kszy\u0107 liczb\u0119 opakowa\u0144.<\/li>\n\n\n\n<li>W przypadku rodzin z dzie\u0107mi dopuszcza si\u0119 zwi\u0119kszenie liczby opakowa\u0144 artyku\u0142\u00f3w spo\u017cywczych do potrzeb rodzin.<\/li>\n\n\n\n<li><strong>\u017bywno\u015b\u0107 jest wydawana osobom potrzebuj\u0105cym\u00a0 w ramach POP\u017b nieodp\u0142atnie.<\/strong><\/li>\n<\/ol>\n\n\n\n<p><strong>SK\u0141ADANIE SKARG PRZEZ OSOBY NAJBARDZIEJ POTRZEBUJ\u0104CE:<\/strong><\/p>\n\n\n\n<p>Ka\u017cda osoba potrzebuj\u0105ca ma prawo z\u0142o\u017cenia skargi dotycz\u0105cej sposobu dystrybucji&nbsp; \u017cywno\u015b\u0107 do lokalnego Banku \u017bywno\u015bci, nast\u0119pnie do &nbsp;Federacji Polskich Bank\u00f3w \u017bywno\u015bci z siedzib\u0105 w Warszawie albo do Instytucji Zarz\u0105dzaj\u0105cej &#8211; Ministra Rodziny i Polityki Spo\u0142ecznej.&nbsp;<\/p>\n\n\n\n<p><strong>DZIA\u0141ANIA TOWARZYSZ\u0104CE:<\/strong><\/p>\n\n\n\n<p>Dzia\u0142ania realizowane przez Bank \u017bywno\u015bci na rzecz podopiecznych OPL, przy wsp\u00f3\u0142pracy z OPL i OPS:<\/p>\n\n\n\n<ul class=\"wp-block-list\">\n<li>warsztaty kulinarne;\u00a0<\/li>\n\n\n\n<li>warsztaty edukacji ekonomicznej;<\/li>\n\n\n\n<li>warsztaty dietetyczne;<\/li>\n\n\n\n<li>warsztaty niemarnowania \u017cywno\u015bci,<\/li>\n\n\n\n<li>inne dzia\u0142ania o charakterze indywidualnym i zbiorowym charakterze akcyjnym lub cyklicznym, maj\u0105ce na celu w\u0142\u0105czenie spo\u0142eczne najbardziej potrzebuj\u0105cych<\/li>\n<\/ul>\n\n\n\n<p>Dzia\u0142ania towarzysz\u0105ce mog\u0105 odbywa\u0107 si\u0119 w formie stacjonarnej lub zdalnej: on-line, telefonicznej, wydawniczej.<\/p>\n\n\n\n<p>Dzia\u0142ania realizowane s\u0105 w siedzibie organizacji bior\u0105cej udzia\u0142 w Podprogramie lub w miejscu wyznaczonym przez organizacj\u0119 na rzecz podopiecznych, kt\u00f3rzy zostali zakwalifikowani do otrzymania pomocy \u017cywno\u015bciowej, w pobli\u017cu ich miejsca zamieszkania. Terminy oraz miejsca realizacji warsztat\u00f3w znajduj\u0105 si\u0119 na stronach internetowych Bank\u00f3w \u017bywno\u015bci.<\/p>\n\n\n\n<p>Dzia\u0142ania realizowane przez Organizacje Partnerskie Lokalne na rzecz podopiecznych to:<\/p>\n\n\n\n<ul class=\"wp-block-list\">\n<li>w\u0142\u0105czenie os\u00f3b do\u015bwiadczaj\u0105cych deprywacji materialnej w funkcjonowanie spo\u0142eczno\u015bci lokalnych, np.: zaj\u0119cia aktywizuj\u0105ce i wsp\u00f3lne inicjatywy na rzecz spo\u0142eczno\u015bci lokalnej, zmierzaj\u0105ce do wyj\u015bcia z ub\u00f3stwa;<\/li>\n\n\n\n<li>grupy wsparcia dla r\u00f3\u017cnych kategorii os\u00f3b w trudnej sytuacji (np. osoby starsze, matki z dzie\u0107mi, osoby samotne);<\/li>\n\n\n\n<li>pomoc towarzysz\u0105ca niezb\u0119dna do zaspokajania podstawowych potrzeb \u017cyciowych \u2013 os\u00f3b korzystaj\u0105cych z pomocy \u017cywno\u015bciowej (z wy\u0142\u0105czeniem pomocy rzeczowej);<\/li>\n\n\n\n<li>pomoc w utrzymaniu higieny osobistej osobom bezdomnym;<\/li>\n\n\n\n<li>wsparcie psychologiczne\/terapeutyczne os\u00f3b zagro\u017conych wykluczeniem spo\u0142ecznym.<\/li>\n<\/ul>\n\n\n\n<p><strong>Do udzia\u0142u w dzia\u0142aniach towarzysz\u0105cych ma prawo ka\u017cda osoba<\/strong>,&nbsp;<strong>kt\u00f3ra otrzyma\u0142a skierowanie z OPS<\/strong>&nbsp;do odbioru wsparcia \u017cywno\u015bciowego w ramach POP\u017b \u2013 ale nie znaczy to, \u017ce ka\u017cda osoba musi z nich skorzysta\u0107. Konieczna jest wsp\u00f3\u0142praca z OPS w zakresie rzeczywistych potrzeb obj\u0119cia wsparciem dzia\u0142aniami os\u00f3b, kt\u00f3re korzystaj\u0105 z POP\u017b. Dzia\u0142ania nie mog\u0105 si\u0119 pokrywa\u0107 z dzia\u0142aniami prowadzonymi w ramach innych funduszy unijnych (EFS i PROW) w danym wojew\u00f3dztwie, ale musz\u0105 by\u0107 z nimi komplementarne.<\/p>\n\n\n\n<p>\u0179r\u00f3d\u0142o: <a href=\"https:\/\/web.archive.org\/web\/20241109152325\/https:\/\/www.gov.pl\/web\/rodzina\/podprogram-2021a\">https:\/\/www.gov.pl\/web\/rodzina\/podprogram-2021a<\/a><\/p>\n","protected":false},"excerpt":{"rendered":"<p>PROGRAM OPERACYJNY POMOC \u017bYWNO\u015aCIOWA 2014-2020 JEST WSP\u00d3\u0141FINANSOWANY Z EUROPEJSKIEGO FUNDUSZU POMOCY NAJBARDZIEJ POTRZEBUJ\u0104CYM PODPROGRAM 2021 CELEM PROGRAMU jest zapewnienie najubo\u017cszym mieszka\u0144com Polski pomocy \u017cywno\u015bciowej oraz uczestnictwa w dzia\u0142aniach w ramach \u015brodk\u00f3w towarzysz\u0105cych w okresie&nbsp; grudzie\u0144 2021 \u2013 czerwiec 2022,&nbsp; a jej celami szczeg\u00f3\u0142owymi s\u0105: OKRES DYSTRYBUCJI \u017bYWNO\u015aCI:&nbsp; grudzie\u0144 2021 \u2013 czerwiec 2022 Pomoc \u017cywno\u015bciowa dystrybuowana [&hellip;]<\/p>\n","protected":false},"author":1,"featured_media":0,"parent":0,"menu_order":0,"comment_status":"closed","ping_status":"closed","template":"","meta":{"footnotes":""},"class_list":["post-74","page","type-page","status-publish","hentry"],"_links":{"self":[{"href":"https:\/\/gops.suwalki.pl\/index.php?rest_route=\/wp\/v2\/pages\/74","targetHints":{"allow":["GET"]}}],"collection":[{"href":"https:\/\/gops.suwalki.pl\/index.php?rest_route=\/wp\/v2\/pages"}],"about":[{"href":"https:\/\/gops.suwalki.pl\/index.php?rest_route=\/wp\/v2\/types\/page"}],"author":[{"embeddable":true,"href":"https:\/\/gops.suwalki.pl\/index.php?rest_route=\/wp\/v2\/users\/1"}],"replies":[{"embeddable":true,"href":"https:\/\/gops.suwalki.pl\/index.php?rest_route=%2Fwp%2Fv2%2Fcomments&post=74"}],"version-history":[{"count":2,"href":"https:\/\/gops.suwalki.pl\/index.php?rest_route=\/wp\/v2\/pages\/74\/revisions"}],"predecessor-version":[{"id":192,"href":"https:\/\/gops.suwalki.pl\/index.php?rest_route=\/wp\/v2\/pages\/74\/revisions\/192"}],"wp:attachment":[{"href":"https:\/\/gops.suwalki.pl\/index.php?rest_route=%2Fwp%2Fv2%2Fmedia&parent=74"}],"curies":[{"name":"wp","href":"https:\/\/api.w.org\/{rel}","templated":true}]}}